{"id":83,"date":"2023-03-02T21:49:17","date_gmt":"2023-03-02T20:49:17","guid":{"rendered":"https:\/\/www.arca-bus.org\/?page_id=83"},"modified":"2023-08-30T16:48:23","modified_gmt":"2023-08-30T15:48:23","slug":"pegaso-5031-l","status":"publish","type":"page","link":"https:\/\/www.arca-bus.org\/es\/pegaso-5031-l\/","title":{"rendered":"Pegaso 5031-L &#8220;Canals&#8221; (1969)"},"content":{"rendered":"<div class=\"wp-block-columns is-layout-flex wp-container-core-columns-is-layout-28f84493 wp-block-columns-is-layout-flex\">\n<div class=\"wp-block-column is-layout-flow wp-block-column-is-layout-flow\">\n<h2 class=\"wp-block-heading\">Dades b\u00e0siques<\/h2>\n\n\n\n<ul class=\"wp-block-list\">\n<li><strong>Propietari actual<\/strong>: ARCA.<\/li>\n\n\n\n<li><strong>Propietari original<\/strong>: Canals Transport de Viatgers.<\/li>\n\n\n\n<li><strong>A\u00f1o<\/strong>: 1969.<\/li>\n\n\n\n<li><strong>Matr\u00edcula<\/strong>: GI-83359.<\/li>\n\n\n\n<li><strong>Marca<\/strong>: Pegaso.<\/li>\n\n\n\n<li><strong>Model<\/strong>: 5031-L.<\/li>\n\n\n\n<li><strong>Carrosseria<\/strong>:&nbsp;Ayats.<\/li>\n\n\n\n<li><strong>Posada en servei<\/strong>: 1969.<\/li>\n\n\n\n<li><strong>Finalitzaci\u00f3 del servei<\/strong>: desconeguda.<\/li>\n<\/ul>\n<\/div>\n\n\n\n<div class=\"wp-block-column is-layout-flow wp-block-column-is-layout-flow\">\n<figure class=\"wp-block-image size-full\"><img data-recalc-dims=\"1\" loading=\"lazy\" decoding=\"async\" width=\"500\" height=\"332\" src=\"https:\/\/i0.wp.com\/www.arca-bus.org\/wp-content\/uploads\/2023\/02\/Pegaso-5031L.jpg?resize=500%2C332&#038;ssl=1\" alt=\"Pegaso 5031-L\" class=\"wp-image-18\" srcset=\"https:\/\/i0.wp.com\/www.arca-bus.org\/wp-content\/uploads\/2023\/02\/Pegaso-5031L.jpg?w=500&amp;ssl=1 500w, https:\/\/i0.wp.com\/www.arca-bus.org\/wp-content\/uploads\/2023\/02\/Pegaso-5031L.jpg?resize=300%2C199&amp;ssl=1 300w\" sizes=\"auto, (max-width: 500px) 100vw, 500px\" \/><figcaption class=\"wp-element-caption\">Part davantera del vehicle, costat portes.<\/figcaption><\/figure>\n<\/div>\n<\/div>\n\n\n\n<div class=\"wp-block-columns ticss-47831924 is-layout-flex wp-container-core-columns-is-layout-d7d455e7 wp-block-columns-is-layout-flex\" style=\"padding-top:0;padding-right:0;padding-bottom:0;padding-left:0\">\n<div class=\"wp-block-column is-layout-flow wp-block-column-is-layout-flow\">\n<figure class=\"wp-block-image size-full\"><img data-recalc-dims=\"1\" loading=\"lazy\" decoding=\"async\" width=\"1024\" height=\"680\" src=\"https:\/\/i0.wp.com\/www.arca-bus.org\/wp-content\/uploads\/2023\/03\/FL_Ayats_B_gran.jpg?resize=1024%2C680&#038;ssl=1\" alt=\"\" class=\"wp-image-462\" srcset=\"https:\/\/i0.wp.com\/www.arca-bus.org\/wp-content\/uploads\/2023\/03\/FL_Ayats_B_gran.jpg?w=1024&amp;ssl=1 1024w, https:\/\/i0.wp.com\/www.arca-bus.org\/wp-content\/uploads\/2023\/03\/FL_Ayats_B_gran.jpg?resize=300%2C199&amp;ssl=1 300w, https:\/\/i0.wp.com\/www.arca-bus.org\/wp-content\/uploads\/2023\/03\/FL_Ayats_B_gran.jpg?resize=768%2C510&amp;ssl=1 768w\" sizes=\"auto, (max-width: 1000px) 100vw, 1000px\" \/><figcaption class=\"wp-element-caption\">Part davantera del vehicle, costat no-portes.<\/figcaption><\/figure>\n<\/div>\n\n\n\n<div class=\"wp-block-column is-layout-flow wp-block-column-is-layout-flow\">\n<h2 class=\"wp-block-heading\">Introducci\u00f3<\/h2>\n\n\n\n<p>El Pegaso 5031-L \u00e9s un elegant autocar de 12 metres de llarg i 2,5 metres d&#8217;ample datat de 1976.<\/p>\n\n\n\n<p>Els seus seients s\u00f3n de gran comoditat. Aix\u00f2, unit a les seves caracter\u00edstiques t\u00e8cniques, fa que aquest sigui un cotxe especialment adient per a despla\u00e7aments llargs.<\/p>\n<\/div>\n<\/div>\n\n\n\n<div class=\"wp-block-columns is-layout-flex wp-container-core-columns-is-layout-28f84493 wp-block-columns-is-layout-flex\">\n<div class=\"wp-block-column is-layout-flow wp-block-column-is-layout-flow\">\n<h2 class=\"wp-block-heading\">Estat del vehicle<\/h2>\n\n\n\n<p>Aquest vehicle va ser retirat i va passar a mans del col\u00b7leccionista Francesc L\u00f3pez. El setembre del 2009, l&#8217;autocar es cedeix a ARCA.<\/p>\n\n\n\n<p>Actualment es troba en estat de marxa, si b\u00e9 no pot circular derivat d&#8217;alguns problemes t\u00e8cnics.<\/p>\n<\/div>\n\n\n\n<div class=\"wp-block-column is-layout-flow wp-block-column-is-layout-flow\">\n<figure class=\"wp-block-image size-full\"><img data-recalc-dims=\"1\" loading=\"lazy\" decoding=\"async\" width=\"700\" height=\"700\" src=\"https:\/\/i0.wp.com\/www.arca-bus.org\/wp-content\/uploads\/2023\/03\/FL_Ayats_intA_gran-700x700-1.jpg?resize=700%2C700&#038;ssl=1\" alt=\"\" class=\"wp-image-463\" srcset=\"https:\/\/i0.wp.com\/www.arca-bus.org\/wp-content\/uploads\/2023\/03\/FL_Ayats_intA_gran-700x700-1.jpg?w=700&amp;ssl=1 700w, https:\/\/i0.wp.com\/www.arca-bus.org\/wp-content\/uploads\/2023\/03\/FL_Ayats_intA_gran-700x700-1.jpg?resize=300%2C300&amp;ssl=1 300w, https:\/\/i0.wp.com\/www.arca-bus.org\/wp-content\/uploads\/2023\/03\/FL_Ayats_intA_gran-700x700-1.jpg?resize=150%2C150&amp;ssl=1 150w\" sizes=\"auto, (max-width: 700px) 100vw, 700px\" \/><figcaption class=\"wp-element-caption\">Seients del vehicle, d&#8217;una gran comoditat.<\/figcaption><\/figure>\n<\/div>\n<\/div>\n\n\n\n<div class=\"wp-block-columns is-layout-flex wp-container-core-columns-is-layout-28f84493 wp-block-columns-is-layout-flex\">\n<div class=\"wp-block-column is-layout-flow wp-block-column-is-layout-flow\">\n<h2 class=\"wp-block-heading\">Hist\u00f2ria<\/h2>\n\n\n\n<p>Aquest elegant autocar \u00e9s un Pegaso 5031-L amb carrosseria Ayats que va iniciar el seu servei a l\u2019empresa<em>&nbsp;F. Canals<\/em>&nbsp;amb la calca 9. Amb el pas dels anys va passar a l\u2019empresa&nbsp;<em>Canals Transport de Viatgers<\/em>, la qual era propietat d\u2019un dels germans propietaris de l\u2019empresa anterior. En aquesta empresa va tenir l\u2019honor de tenir assignada la calca 1.<\/p>\n\n\n\n<p>El Pegaso 5031-L \u00e9s un autocar especialment dissenyat per a grans viatges destacant la col\u00b7locaci\u00f3 del motor, posterior i vertical, que facilita l\u2019aprofitament de tot l\u2019habitacle i l\u2019abs\u00e8ncia de soroll i vibracions. La pot\u00e8ncia de 200 cavalls permet mantenir unes bones prestacions.<\/p>\n\n\n\n<p>La caixa de canvis es una ZF de sis relacions unida a un embragatge amb comandament hidr\u00e0ulic servo-assistit pneum\u00e0ticament cosa que assegura una relativa comoditat pel conductor. La direcci\u00f3 disposa tamb\u00e9 de servoassist\u00e8ncia hidr\u00e0ulica. El sistema de frens disposa de dos circuits pneum\u00e0tics, un per a cada eix. Per a millorar la suavitat de la marxa i l\u2019economia de combustible disposa de fre motor.<\/p>\n\n\n\n<p>La carrosseria Ayats \u00e9s realment una joia, agradable a la vista i funcional. \u00c9s destacable el sistema d\u2019obertura de les portes cap a l\u2019exterior, la davantera amb accionament pneum\u00e0tic i la posterior manual.<\/p>\n\n\n\n<p>Aquest autocar un cop retirat del servei va passar a mans del col\u00b7leccionista Francesc L\u00f3pez de Girona. El setembre de 2009 en Francesc L\u00f3pez cedeix aquest autocar a ARCA. En principi, aquesta incorporaci\u00f3 hagu\u00e9s perm\u00e8s que els viatges de llarga dist\u00e0ncia de l\u2019associaci\u00f3 es realitzessin de forma c\u00f2moda, i aix\u00ed ha estat, si b\u00e9 entre mig van sorgir problemes mec\u00e0nics al conjunt palier-diferencial i els seients interiors van comen\u00e7ar a degradar-se r\u00e0pidament, requerint un encoixinat urgent.<\/p>\n\n\n\n<h2 class=\"wp-block-heading\">Dades t\u00e8cniques<\/h2>\n\n\n\n<ul class=\"wp-block-list\">\n<li><strong>Xass\u00eds<\/strong>: Pegaso.<\/li>\n\n\n\n<li><strong>Motor<\/strong>: 5031-L.<\/li>\n\n\n\n<li><strong>Carrosser<\/strong>: Ayats.<\/li>\n\n\n\n<li><strong>Posada en servei<\/strong>: 1969.<\/li>\n\n\n\n<li><strong>Places<\/strong>: desconegudes.<\/li>\n\n\n\n<li><strong>Matr\u00edcula<\/strong>: GI-83359.<\/li>\n<\/ul>\n<\/div>\n<\/div>\n\n\n\n<div class=\"wp-block-columns is-layout-flex wp-container-core-columns-is-layout-28f84493 wp-block-columns-is-layout-flex\">\n<div class=\"wp-block-column is-layout-flow wp-block-column-is-layout-flow\">\n<h2 class=\"wp-block-heading\">Galeria d&#8217;imatges<\/h2>\n\n\n<style>      div.simple-google-photos-grid {\n        width:100%;\n        height:100%;\n        overflow:hidden;\n      }\n      div.simple-google-photos-grid-cell {\n        box-sizing:border-box;\n        padding:5px;\n        float:left;\n      }\n      img.simple-google-photos-grid-image {\n        object-fit: cover;\n      }<\/style><div class=\"simple-google-photos-grid\"><div class=\"simple-google-photos-grid-cell\" style=\"width:100%\"><a href=\"https:\/\/photos.app.goo.gl\/1c8NhxAysgnsSrtN7\" target=\"_blank\"><img decoding=\"async\" src=\"https:\/\/lh3.googleusercontent.com\/pw\/AP1GczN6UndHMHtnRUOlSHqt9AS6BNVFTBfQbNvwPj1QJCq_PP3j6ETxXsJIQwsZb0uaia2BLmA5j2BbJExTdbxTjT5qr0nO8Sp4Plw1BvveOJTNMLeSpHU\" alt=\"Google Photo\" class=\"simple-google-photos-grid-image\"><\/a><\/div><div class=\"simple-google-photos-grid-cell\" style=\"width:100%\"><a href=\"https:\/\/photos.app.goo.gl\/1c8NhxAysgnsSrtN7\" target=\"_blank\"><img decoding=\"async\" src=\"https:\/\/lh3.googleusercontent.com\/pw\/AP1GczOgnys4Z3BCwZ4puO41Lx-la6b2Q8gNzCIg8vWFRiqrf7AkU2p-8CubCY0Mrw1JTfGO3_oiT5iCG5DjiU_87n8Zpgo8X0XwsVd_e0vczubEILnfyoE\" alt=\"Google Photo\" class=\"simple-google-photos-grid-image\"><\/a><\/div><div class=\"simple-google-photos-grid-cell\" style=\"width:100%\"><a href=\"https:\/\/photos.app.goo.gl\/1c8NhxAysgnsSrtN7\" target=\"_blank\"><img decoding=\"async\" src=\"https:\/\/lh3.googleusercontent.com\/pw\/AP1GczMrFiY9_frwehTela_MPjsqdpqcSF5VmXUbqBGUWT4p4GKkXyx7NQOGTsZbUxTecRg0rAf9tdnJLr4nFRzcZZwIRjUofErovmr5SqTHaikxW46X7tc\" alt=\"Google Photo\" class=\"simple-google-photos-grid-image\"><\/a><\/div><div class=\"simple-google-photos-grid-cell\" style=\"width:100%\"><a href=\"https:\/\/photos.app.goo.gl\/1c8NhxAysgnsSrtN7\" target=\"_blank\"><img decoding=\"async\" src=\"https:\/\/lh3.googleusercontent.com\/pw\/AP1GczN6UndHMHtnRUOlSHqt9AS6BNVFTBfQbNvwPj1QJCq_PP3j6ETxXsJIQwsZb0uaia2BLmA5j2BbJExTdbxTjT5qr0nO8Sp4Plw1BvveOJTNMLeSpHU\" alt=\"Google Photo\" class=\"simple-google-photos-grid-image\"><\/a><\/div><div class=\"simple-google-photos-grid-cell\" style=\"width:100%\"><a href=\"https:\/\/photos.app.goo.gl\/1c8NhxAysgnsSrtN7\" target=\"_blank\"><img decoding=\"async\" src=\"https:\/\/lh3.googleusercontent.com\/pw\/AP1GczMpylJCvFZJp82K6YV62NNS4FBdbG0c0G2KthmC5Ijse2gpBq_HPM9mqmcpGtZSD4R9dOjKEw2PwjNU3sfbO1uDgH_a5xIXiuYSZ5BxIa-zhWdIRZg\" alt=\"Google Photo\" class=\"simple-google-photos-grid-image\"><\/a><\/div><div class=\"simple-google-photos-grid-cell\" style=\"width:100%\"><a href=\"https:\/\/photos.app.goo.gl\/1c8NhxAysgnsSrtN7\" target=\"_blank\"><img decoding=\"async\" src=\"https:\/\/lh3.googleusercontent.com\/pw\/AP1GczNDUnkTXDptyZ91VKo6c8vPjWLAAAuNtGibzHlPRmMa-Cp64Ni2DID_tG9zJ1_eZxS6MXBLjpUxkZJC_Jv1QaBhs9MWJmT4DLsizSKwTbFelJyI564\" alt=\"Google Photo\" class=\"simple-google-photos-grid-image\"><\/a><\/div><div class=\"simple-google-photos-grid-cell\" style=\"width:100%\"><a href=\"https:\/\/photos.app.goo.gl\/1c8NhxAysgnsSrtN7\" target=\"_blank\"><img decoding=\"async\" src=\"https:\/\/lh3.googleusercontent.com\/pw\/AP1GczNYD0vv1OwDr1R2JTQxV0X9raEc7NdZHcEddJ-efHRVvDts82DT14vdIlpS1M22tlKjL03w9zQeES-wBn6rwbtwir4Lo4T2zQBiWUSqFh5xePSsLt4\" alt=\"Google Photo\" class=\"simple-google-photos-grid-image\"><\/a><\/div><div class=\"simple-google-photos-grid-cell\" style=\"width:100%\"><a href=\"https:\/\/photos.app.goo.gl\/1c8NhxAysgnsSrtN7\" target=\"_blank\"><img decoding=\"async\" src=\"https:\/\/lh3.googleusercontent.com\/pw\/AP1GczMJhs1nh8FO5wQsvVtUHnkcOgADIF0nXpcCzIPjXdYpQJdBC-zrnMDS7rhGLMjkYaJGeGcS81TzpfcSCU3bjgYQEmQCptcPCXwAvs4uIg6uwUdrxsw\" alt=\"Google Photo\" class=\"simple-google-photos-grid-image\"><\/a><\/div><div class=\"simple-google-photos-grid-cell\" style=\"width:100%\"><a href=\"https:\/\/photos.app.goo.gl\/1c8NhxAysgnsSrtN7\" target=\"_blank\"><img decoding=\"async\" src=\"https:\/\/lh3.googleusercontent.com\/pw\/AP1GczNvYKCMHNBqm-R4inA55w8MRVFXHRzOtSXcupDiWoi2Izbc06Qw90zSZ0GgKlPE-KmJT_L1_y8Obn_zHwzGbIfLXaXvEjM3kWWC2MuFYZmWPEX3YYE\" alt=\"Google Photo\" class=\"simple-google-photos-grid-image\"><\/a><\/div><\/div><script data-jetpack-boost=\"ignore\">      (function() {\n        if( window.jQuery ){\n          jQuery( document ).ready(function() {\n            jQuery(\"div.simple-google-photos-grid\").each(function(i){\n              var container = jQuery(this);\n              var width = container.find(\"div.simple-google-photos-grid-cell\").first().width();\n              container.find(\"img.simple-google-photos-grid-image\").css(\"width\", width).css(\"height\", width);\n            });\n          });\n        }\n      })();<\/script>\n<\/div>\n<\/div>","protected":false},"excerpt":{"rendered":"<p>Dades b\u00e0siques Introducci\u00f3 El Pegaso 5031-L \u00e9s un elegant autocar de 12 metres de llarg i 2,5 metres d&#8217;ample datat de 1976. Els seus seients s\u00f3n de gran comoditat. Aix\u00f2, unit a les seves caracter\u00edstiques t\u00e8cniques, fa que aquest sigui un cotxe especialment adient per a despla\u00e7aments llargs. Estat del vehicle Aquest vehicle va ser [&hellip;]<\/p>","protected":false},"author":1,"featured_media":18,"parent":0,"menu_order":0,"comment_status":"closed","ping_status":"closed","template":"","meta":{"_themeisle_gutenberg_block_has_review":false,"footnotes":""},"class_list":["post-83","page","type-page","status-publish","has-post-thumbnail","hentry"],"_links":{"self":[{"href":"https:\/\/www.arca-bus.org\/es\/wp-json\/wp\/v2\/pages\/83","targetHints":{"allow":["GET"]}}],"collection":[{"href":"https:\/\/www.arca-bus.org\/es\/wp-json\/wp\/v2\/pages"}],"about":[{"href":"https:\/\/www.arca-bus.org\/es\/wp-json\/wp\/v2\/types\/page"}],"author":[{"embeddable":true,"href":"https:\/\/www.arca-bus.org\/es\/wp-json\/wp\/v2\/users\/1"}],"replies":[{"embeddable":true,"href":"https:\/\/www.arca-bus.org\/es\/wp-json\/wp\/v2\/comments?post=83"}],"version-history":[{"count":0,"href":"https:\/\/www.arca-bus.org\/es\/wp-json\/wp\/v2\/pages\/83\/revisions"}],"wp:featuredmedia":[{"embeddable":true,"href":"https:\/\/www.arca-bus.org\/es\/wp-json\/wp\/v2\/media\/18"}],"wp:attachment":[{"href":"https:\/\/www.arca-bus.org\/es\/wp-json\/wp\/v2\/media?parent=83"}],"curies":[{"name":"wp","href":"https:\/\/api.w.org\/{rel}","templated":true}]}}